{"id":3277,"date":"2021-01-15T18:14:39","date_gmt":"2021-01-15T18:14:39","guid":{"rendered":"https:\/\/demo.pro.radio\/wp12\/podcast\/the-truth-podcast-18-2\/"},"modified":"2026-02-28T14:27:32","modified_gmt":"2026-02-28T14:27:32","slug":"the-truth-podcast-18-2","status":"publish","type":"podcast","link":"https:\/\/radiovaroy.no\/?podcast=the-truth-podcast-18-2","title":{"rendered":"Susan og Bertrand s\u00f8ker kommunedirekt\u00f8r til V\u00e6r\u00f8y"},"content":{"rendered":"<p class=\"isSelectedEnd\">I denne podcasten tar Susan og Bertrand praten om jakten p\u00e5 ny kommunedirekt\u00f8r til V\u00e6r\u00f8y. Med engasjement for lokalsamfunnet diskuterer de hva en slik rolle betyr for \u00f8ya, hvilke egenskaper som er viktige, og hvilke forventninger folk kan ha til den som skal v\u00e6re med og lede kommunen videre.<\/p>\n<p class=\"isSelectedEnd\">Dette er en episode om framtid, ledelse og hverdagsliv i et lite samfunn der gode valg betyr mye. Med b\u00e5de alvor og n\u00e6rhet setter Susan og Bertrand s\u00f8kelys p\u00e5 en viktig prosess for V\u00e6r\u00f8y.<\/p>\n<p>Lytt til en lokal prat om ansvar, utvikling og veien videre for V\u00e6r\u00f8y.<\/p>\n","protected":false},"author":1,"featured_media":8591,"template":"","tags":[],"podcastfilter":[52],"class_list":["post-3277","podcast","type-podcast","status-publish","has-post-thumbnail","hentry","podcastfilter-politics"],"_links":{"self":[{"href":"https:\/\/radiovaroy.no\/index.php?rest_route=\/wp\/v2\/podcast\/3277","targetHints":{"allow":["GET"]}}],"collection":[{"href":"https:\/\/radiovaroy.no\/index.php?rest_route=\/wp\/v2\/podcast"}],"about":[{"href":"https:\/\/radiovaroy.no\/index.php?rest_route=\/wp\/v2\/types\/podcast"}],"author":[{"embeddable":true,"href":"https:\/\/radiovaroy.no\/index.php?rest_route=\/wp\/v2\/users\/1"}],"wp:featuredmedia":[{"embeddable":true,"href":"https:\/\/radiovaroy.no\/index.php?rest_route=\/wp\/v2\/media\/8591"}],"wp:attachment":[{"href":"https:\/\/radiovaroy.no\/index.php?rest_route=%2Fwp%2Fv2%2Fmedia&parent=3277"}],"wp:term":[{"taxonomy":"post_tag","embeddable":true,"href":"https:\/\/radiovaroy.no\/index.php?rest_route=%2Fwp%2Fv2%2Ftags&post=3277"},{"taxonomy":"podcastfilter","embeddable":true,"href":"https:\/\/radiovaroy.no\/index.php?rest_route=%2Fwp%2Fv2%2Fpodcastfilter&post=3277"}],"curies":[{"name":"wp","href":"https:\/\/api.w.org\/{rel}","templated":true}]}}