{"id":1819,"date":"2021-03-09T19:08:03","date_gmt":"2021-03-09T19:08:03","guid":{"rendered":"https:\/\/demo.pro.radio\/wp12\/shows\/eating-to-live\/"},"modified":"2026-02-28T14:44:49","modified_gmt":"2026-02-28T14:44:49","slug":"eating-to-live","status":"publish","type":"shows","link":"https:\/\/radiovaroy.no\/?shows=eating-to-live","title":{"rendered":"Lunsjradio"},"content":{"rendered":"<p class=\"isSelectedEnd\">Midt p\u00e5 dagen samler Radio V\u00e6r\u00f8y \u00f8ya med god musikk, lokal stemning og et lite avbrekk i hverdagen. Lunsjradioen er sendingen der du kan senke skuldrene litt, h\u00f8re kjent og kj\u00e6r musikk, og samtidig f\u00e5 f\u00f8lelsen av \u00e5 v\u00e6re tett p\u00e5 livet p\u00e5 V\u00e6r\u00f8y.<\/p>\n<p class=\"isSelectedEnd\">Dette skal v\u00e6re en trivelig stund p\u00e5 radioen \u2013 enten du er hjemme, p\u00e5 jobb, ute i aktivitet eller tar deg en pause rundt lunsjbordet. Med lokal forankring og varm tone \u00f8nsker Radio V\u00e6r\u00f8y \u00e5 skape en sending som b\u00e5de underholder og binder folk sammen.<\/p>\n<p class=\"isSelectedEnd\">Lunsjradioen skal v\u00e6re et fast m\u00f8tepunkt midt p\u00e5 dagen, med n\u00e6rhet, gjenkjennelse og den gode f\u00f8lelsen av lokalradio slik den skal v\u00e6re.<\/p>\n<p>F\u00f8lg med p\u00e5 Radio V\u00e6r\u00f8y for mer informasjon om sendetider og oppstart.<\/p>\n","protected":false},"excerpt":{"rendered":"<p>Midt p\u00e5 dagen samler Radio V\u00e6r\u00f8y \u00f8ya med god musikk, lokal stemning og et lite avbrekk i hverdagen. Lunsjradioen er sendingen der du kan senke skuldrene litt, h\u00f8re kjent og kj\u00e6r musikk, og samtidig f\u00e5 f\u00f8lelsen av \u00e5 v\u00e6re tett p\u00e5 livet p\u00e5 V\u00e6r\u00f8y. Dette skal v\u00e6re en trivelig stund ...<\/p>\n","protected":false},"featured_media":8589,"menu_order":0,"comment_status":"closed","ping_status":"closed","template":"","genre":[45],"class_list":["post-1819","shows","type-shows","status-publish","has-post-thumbnail","hentry","genre-health"],"_links":{"self":[{"href":"https:\/\/radiovaroy.no\/index.php?rest_route=\/wp\/v2\/shows\/1819","targetHints":{"allow":["GET"]}}],"collection":[{"href":"https:\/\/radiovaroy.no\/index.php?rest_route=\/wp\/v2\/shows"}],"about":[{"href":"https:\/\/radiovaroy.no\/index.php?rest_route=\/wp\/v2\/types\/shows"}],"replies":[{"embeddable":true,"href":"https:\/\/radiovaroy.no\/index.php?rest_route=%2Fwp%2Fv2%2Fcomments&post=1819"}],"version-history":[{"count":1,"href":"https:\/\/radiovaroy.no\/index.php?rest_route=\/wp\/v2\/shows\/1819\/revisions"}],"predecessor-version":[{"id":8590,"href":"https:\/\/radiovaroy.no\/index.php?rest_route=\/wp\/v2\/shows\/1819\/revisions\/8590"}],"wp:featuredmedia":[{"embeddable":true,"href":"https:\/\/radiovaroy.no\/index.php?rest_route=\/wp\/v2\/media\/8589"}],"wp:attachment":[{"href":"https:\/\/radiovaroy.no\/index.php?rest_route=%2Fwp%2Fv2%2Fmedia&parent=1819"}],"wp:term":[{"taxonomy":"genre","embeddable":true,"href":"https:\/\/radiovaroy.no\/index.php?rest_route=%2Fwp%2Fv2%2Fgenre&post=1819"}],"curies":[{"name":"wp","href":"https:\/\/api.w.org\/{rel}","templated":true}]}}